{"id":15,"date":"2013-04-23T20:18:16","date_gmt":"2013-04-23T18:18:16","guid":{"rendered":"http:\/\/fallacarteros.com\/?page_id=15"},"modified":"2023-04-04T16:59:21","modified_gmt":"2023-04-04T16:59:21","slug":"enlaces","status":"publish","type":"page","link":"http:\/\/fallacarteros.com\/?page_id=15","title":{"rendered":"Enlaces"},"content":{"rendered":"\n<p><\/p>\n\n\n\n<h2 class=\"wp-block-heading\">Webs Oficiales<\/h2>\n\n\n\n<p><a title=\" \u2013 P\u00e1gina Oficial del Ayuntamiento de Valencia\" href=\"http:\/\/www.valencia.es\/\" target=\"_blank\" rel=\"noopener\">AYUNTAMIENTO DE VALENCIA<\/a>&nbsp;\u2013 P\u00e1gina Oficial del Ayuntamiento de Valencia<br><a title=\" \u2013 P\u00e1gina Oficial de las Fallas de Valencia\" href=\"http:\/\/www.fallas.com\/\" target=\"_blank\" rel=\"contact neighbor noopener\">JUNTA CENTRAL FALLERA<\/a>&nbsp;\u2013 P\u00e1gina Oficial de las Fallas de Valencia<\/p>\n\n\n\n<h2 class=\"wp-block-heading\">&nbsp;<\/h2>\n\n\n\n<h2 class=\"wp-block-heading\">Webs Fallas Agrupaci\u00f3n<\/h2>\n\n\n\n<p><\/p>\n\n\n\n<p><a title=\" \u2013 P\u00e1gina web oficial de la Agrupaci\u00f3 de falles Creu Coberta\" rel=\"noopener\" href=\"https:\/\/www.facebook.com\/agrupacreucober\/?locale=es_ES\" target=\"_blank\">AGRUPACIO DE FALLES CREU COBERTA<\/a><br><\/p>\n\n\n\n<p><a title=\" \u2013 P\u00e1gina web de la Falla Arzobispo Olaechea \u2013 San Marcelino\" rel=\"noopener\" href=\"http:\/\/www.fallasanmarcelino.com\/\" target=\"_blank\">FALLA ARZOBISPO OLAECHEA-SAN MARCELINO<\/a><br><\/p>\n\n\n\n<p><a title=\" \u2013 P\u00e1gina web de la Falla Calvo Acacio\" rel=\"noopener\" href=\"https:\/\/www.facebook.com\/fallacalvoacacio\" target=\"_blank\">FALLA CALVO ACACIO<\/a><br><\/p>\n\n\n\n<p><a title=\" \u2013 P\u00e1gina web de la Falla Jer\u00f3nima G\u00e1les \u2013 Lit. Pascual y Abad\" rel=\"noopener\" href=\"https:\/\/www.facebook.com\/FallaGeneralBarroso\/\" target=\"_blank\">FALLA JER\u00d3NIMA GAL\u00c9S LIT\u00d3GRAFO PASCUAL Y ABAD<\/a><br><\/p>\n\n\n\n<p><a title=\" \u2013 P\u00e1gina de la Falla Joaqu\u00edn Navarro \u2013 Carricola\" rel=\"noopener\" href=\"http:\/\/www.fallacarricola.com\/\" target=\"_blank\">FALLA JOAQUIN NAVARRO-CARRIOLA<\/a><br><\/p>\n\n\n\n<p><a title=\" \u2013 P\u00e1gina web oficial de la Falla Jose Soto Mico-Sindico Mochol\u00ed\" rel=\"noopener\" href=\"https:\/\/www.facebook.com\/fallajosesotomico\/\" target=\"_blank\">FALLA JOS\u00c9 SOTO MICO &#8211; SINDICATO MOCHOL\u00cd<\/a><br><\/p>\n\n\n\n<p><a title=\"Pagina oficial de la falla Juan de Garay \u2013 Dr. Mara\u00f1on\" rel=\"noopener\" href=\"https:\/\/www.facebook.com\/fallamontesamaranon\/?locale=es_ES\" target=\"_blank\">FALLA MONTESA- DR MARA\u00d1ON<\/a><br><\/p>\n\n\n\n<p><a title=\" \u2013 P\u00e1gina Oficial de la Falla Manuel Arnau \u2013 Cruz Cubierta\" rel=\"noopener\" href=\"http:\/\/www.fallacreucoberta.es\/\" target=\"_blank\">FALLA MANUEL ARNAU-CRUZ CUBIERTA<\/a><br><\/p>\n\n\n\n<p><a title=\" \u2013 P\u00e1gina Web Oficial de la Falla Plaza Segovia \u2013 Avda. Doctor Tom\u00e1s Sala\" rel=\"noopener\" href=\"https:\/\/www.facebook.com\/fallaplazasegovia\/\" target=\"_blank\">FALLA PLAZA SEGOVIA-DR. TOMAS SALA<\/a><br><\/p>\n\n\n\n<p><a title=\" \u2013 P\u00e1gina web de la Falla San Vicente \u2013 Amparo Iturbi\" rel=\"noopener\" href=\"https:\/\/www.facebook.com\/FallaSanVicenteAmparoIturbi?locale=es_ES\" target=\"_blank\">FALLA SAN VICENTE-AMPARO ITURBI<\/a><\/p>\n\n\n\n<p><a rel=\"noreferrer noopener\" href=\"https:\/\/www.facebook.com\/fallafrayj\/\" target=\"_blank\">FALLA FRAY J.RODRIGUEZ-PINTOR CORTINA<\/a><br><\/p>\n\n\n\n<p><a rel=\"noreferrer noopener\" href=\"http:\/\/www.fallaingenierojosesirera.com\/\" target=\"_blank\">FALLA INGENIERO JOSE SIRERA-PIO IX<\/a><\/p>\n\n\n\n<p><a href=\"https:\/\/www.facebook.com\/people\/Falla-Camino-de-Alba-Castillo-de-Cullera\/100076332150300\/\" target=\"_blank\" rel=\"noreferrer noopener\">FALLA CAMINO DE ALBA-CASTILLO DE CULLERA<\/a><\/p>\n\n\n\n<p><\/p>\n\n\n\n<h2 class=\"wp-block-heading\">Webs Actualidad Fallera<\/h2>\n\n\n\n<p><a title=\" \u2013 Revista dedicada al mundo de las Fallas\" href=\"http:\/\/www.actualidadfallera.es\/\" target=\"_blank\" rel=\"noopener\">ACTUALIDAD FALLERA<\/a>&nbsp;\u2013 Revista dedicada al mundo de las Fallas<br><a title=\" \u2013 P\u00e1gina no oficial de las fallas de Valencia\" href=\"http:\/\/www.ciberfallas.com\/\" target=\"_blank\" rel=\"noopener\">CIBERFALLAS<\/a>&nbsp;\u2013 P\u00e1gina no oficial de las fallas de Valencia<br><a title=\" \u2013 P\u00e1gina no oficial dedicada al mundo de las fallas de Valencia\" href=\"http:\/\/www.distritofallas.com\/\" target=\"_blank\" rel=\"noopener\">DISTRITO FALLAS<\/a>&nbsp;\u2013 P\u00e1gina no oficial &nbsp;de las fallas de Valencia<br><a title=\"Web Fallera donde descubriras toda la actualidad fallera del momento\" href=\"http:\/\/www.vivelasfallas.es\/\" target=\"_blank\" rel=\"co-worker friend met neighbor noopener\">VIVE LAS FALLAS<\/a>&nbsp;Web Fallera con toda la actualidad fallera del momento<\/p>\n","protected":false},"excerpt":{"rendered":"<p>Webs Oficiales AYUNTAMIENTO DE VALENCIA&nbsp;\u2013 P\u00e1gina Oficial del Ayuntamiento de ValenciaJUNTA CENTRAL FALLERA&nbsp;\u2013 P\u00e1gina Oficial de las Fallas de Valencia &nbsp; Webs Fallas Agrupaci\u00f3n AGRUPACIO DE FALLES CREU COBERTA FALLA &hellip; <a href=\"http:\/\/fallacarteros.com\/?page_id=15\" class=\"more-link\">Seguir leyendo <span class=\"screen-reader-text\">Enlaces<\/span> <span class=\"meta-nav\">&rarr;<\/span><\/a><\/p>\n","protected":false},"author":1,"featured_media":0,"parent":0,"menu_order":0,"comment_status":"closed","ping_status":"open","template":"","meta":{"footnotes":""},"jetpack_sharing_enabled":true,"_links":{"self":[{"href":"http:\/\/fallacarteros.com\/index.php?rest_route=\/wp\/v2\/pages\/15"}],"collection":[{"href":"http:\/\/fallacarteros.com\/index.php?rest_route=\/wp\/v2\/pages"}],"about":[{"href":"http:\/\/fallacarteros.com\/index.php?rest_route=\/wp\/v2\/types\/page"}],"author":[{"embeddable":true,"href":"http:\/\/fallacarteros.com\/index.php?rest_route=\/wp\/v2\/users\/1"}],"replies":[{"embeddable":true,"href":"http:\/\/fallacarteros.com\/index.php?rest_route=%2Fwp%2Fv2%2Fcomments&post=15"}],"version-history":[{"count":7,"href":"http:\/\/fallacarteros.com\/index.php?rest_route=\/wp\/v2\/pages\/15\/revisions"}],"predecessor-version":[{"id":1273,"href":"http:\/\/fallacarteros.com\/index.php?rest_route=\/wp\/v2\/pages\/15\/revisions\/1273"}],"wp:attachment":[{"href":"http:\/\/fallacarteros.com\/index.php?rest_route=%2Fwp%2Fv2%2Fmedia&parent=15"}],"curies":[{"name":"wp","href":"https:\/\/api.w.org\/{rel}","templated":true}]}}